{"id":2701,"date":"2019-05-03T10:19:02","date_gmt":"2019-05-03T14:19:02","guid":{"rendered":"https:\/\/www.langlais.com\/v2\/equipe\/"},"modified":"2024-05-09T15:09:09","modified_gmt":"2024-05-09T19:09:09","slug":"our-team-2","status":"publish","type":"page","link":"https:\/\/www.langlais.com\/en\/our-team-2\/","title":{"rendered":"Our Team"},"content":{"rendered":"<div class=\"wpb-content-wrapper\"><p>[vc_row triangle_shape=&#8221;no&#8221;][vc_column][vc_column_text]Founder of the firm, Mr. Langlais has practiced exclusively in immigration law and business law since 1990. He graduated with a degree in law from the University of Montreal in 1989, he was then admitted to the Quebec Bar in 1990. Meet our team of lawyers below.[\/vc_column_text][\/vc_column][\/vc_row][vc_row triangle_shape=&#8221;no&#8221; css=&#8221;.vc_custom_1556896199924{padding-top: 45px !important;padding-bottom: 16px !important;}&#8221;][vc_column width=&#8221;1\/3&#8243;][\/vc_column][vc_column width=&#8221;1\/3&#8243;]\n<div class=\"mkd-team linked more-info-shown\">\n\t<div class=\"mkd-team-inner\">\n\t\t\t\t\t<div class=\"mkd-team-image\">\n                <img loading=\"lazy\" decoding=\"async\" width=\"349\" height=\"397\" src=\"https:\/\/www.langlais.com\/wp-content\/uploads\/2019\/06\/Hugues-Langlais.jpg\" class=\"attachment-full size-full\" alt=\"Hugues Langlais\" srcset=\"https:\/\/www.langlais.com\/wp-content\/uploads\/2019\/06\/Hugues-Langlais.jpg 349w, https:\/\/www.langlais.com\/wp-content\/uploads\/2019\/06\/Hugues-Langlais-264x300.jpg 264w\" sizes=\"auto, (max-width: 349px) 100vw, 349px\" \/>\t\t\t<\/div>\n\t\t\n\t\t\t\t<div class=\"mkd-team-info\">\n\t\t\t\t\t\t\t<div class=\"mkd-team-title-holder\">\n\t\t\t\t\t\t\t\t\t\t\t<h4 class=\"mkd-team-name\" style=\"color: #ffffff\">\n\t\t\t\t\t\t\tMr. Hugues Langlais\t\t\t\t\t\t<\/h4>\n\t\t\t\t\t\t\t\t\t\t\t\t\t\t\t\t<h5 class=\"mkd-team-position\" style=\"color: #ffffff\">Founding Lawyer<\/h5>\n\t\t\t\t\t\t\t\t\t<\/div>\n\t\t\t\t\t\t\t\t<div class=\"mkd-team-read-more\">\n\t\t\t\t\t\t\t\t<a href=\"https:\/\/www.langlais.com\/en\/our-team-2\/mr-hugues-langlais\/\">\n\t\t\t\t\t<span class=\"mkd-team-read-more-inner\">\n\t\t\t\t\t\t<span class=\"mkd-team-read-more-text\">Complete bio<\/span>\n\t\t\t\t\t\t<span aria-hidden=\"true\" class=\"arrow_carrot-right_alt2 mkd-team-read-more-icon\"><\/span>\n\t\t\t\t\t<\/span>\n\t\t\t\t<\/a>\n\t\t\t\t\t\t\t<\/div>\n\t\t<\/div>\n\t<\/div>\n\t\t\t<div class='mkd-team-text'>\n\t\t\t<div class='mkd-team-text-inner'>\n\t\t\t\t\t\t\t\t\t<div class=\"mkd-team-description-title\">\n\t\t\t\t\t\t<h4>Biography<\/h4>\n\t\t\t\t\t<\/div>\n\t\t\t\t\t\t\t\t<div class='mkd-team-description' >\n\t\t\t\t\t<p>Mr. Langlais was called to the Qu\u00e9bec Bar Association in 1990 after earning his law degree from Universit\u00e9 de Montr\u00e9al, Qu\u00e9bec (Canada) in 1989. He practices business and immigration law. Since 2005.<\/p>\n\t\t\t\t<\/div>\n\t\t\t<\/div>\n\t\t<\/div>\n\t\t<div class=\"mkd-team-social-holder\">\n\t\t<div class=\"mkd-team-social\">\n\t\t\t<div class=\"mkd-team-social-inner\">\n\t\t\t\t<div class=\"mkd-team-social-wrapp clearfix\">\n\n\t\t\t\t\t\n    <span class=\"mkd-icon-shortcode square mkd-icon-small mkd-icon-linked\"  >\n                    <a href=\"https:\/\/twitter.com\/Langlaislawfirm\" target=\"_blank\">\n        \n        <span aria-hidden=\"true\" class=\"mkd-icon-font-elegant social_twitter mkd-icon-element\" style=\"\" ><\/span>\n                    <\/a>\n                <span  class=\"mkd-background\"><\/span>\n    <\/span>\n\n\n    <span class=\"mkd-icon-shortcode square mkd-icon-small mkd-icon-linked\"  >\n                    <a href=\"https:\/\/www.linkedin.com\/in\/hugueslanglais4immigrationlaw\/\" target=\"_blank\">\n        \n        <span aria-hidden=\"true\" class=\"mkd-icon-font-elegant social_linkedin mkd-icon-element\" style=\"\" ><\/span>\n                    <\/a>\n                <span  class=\"mkd-background\"><\/span>\n    <\/span>\n\n\n    <span class=\"mkd-icon-shortcode square mkd-icon-small mkd-icon-linked\"  >\n                    <a href=\"https:\/\/www.facebook.com\/langlaisimmigration\/\" target=\"_blank\">\n        \n        <span aria-hidden=\"true\" class=\"mkd-icon-font-elegant social_facebook mkd-icon-element\" style=\"\" ><\/span>\n                    <\/a>\n                <span  class=\"mkd-background\"><\/span>\n    <\/span>\n\n\n\t\t\t\t<\/div>\n\t\t\t<\/div>\n\t\t<\/div>\n\t<\/div>\n\t<span class=\"mkd-team-triangle\"><\/span>\n<\/div>[vc_empty_space height=&#8221;48px&#8221;][\/vc_column][vc_column width=&#8221;1\/3&#8243;][\/vc_column][\/vc_row][vc_row triangle_shape=&#8221;no&#8221; css=&#8221;.vc_custom_1556896199924{padding-top: 45px !important;padding-bottom: 16px !important;}&#8221;][vc_column width=&#8221;1\/3&#8243;][vc_empty_space height=&#8221;70px&#8221;][\/vc_column][vc_column width=&#8221;1\/3&#8243;]\n<div class=\"mkd-team linked more-info-shown\">\n\t<div class=\"mkd-team-inner\">\n\t\t\t\t\t<div class=\"mkd-team-image\">\n                <img loading=\"lazy\" decoding=\"async\" width=\"350\" height=\"400\" src=\"https:\/\/www.langlais.com\/wp-content\/uploads\/2020\/11\/Benoit-BESSETTE-350x400-1.jpg\" class=\"attachment-full size-full\" alt=\"Benoit BESSETTE\" srcset=\"https:\/\/www.langlais.com\/wp-content\/uploads\/2020\/11\/Benoit-BESSETTE-350x400-1.jpg 350w, https:\/\/www.langlais.com\/wp-content\/uploads\/2020\/11\/Benoit-BESSETTE-350x400-1-263x300.jpg 263w\" sizes=\"auto, (max-width: 350px) 100vw, 350px\" \/>\t\t\t<\/div>\n\t\t\n\t\t\t\t<div class=\"mkd-team-info\">\n\t\t\t\t\t\t\t<div class=\"mkd-team-title-holder\">\n\t\t\t\t\t\t\t\t\t\t\t<h4 class=\"mkd-team-name\" style=\"color: #ffffff\">\n\t\t\t\t\t\t\tMr. Beno\u00eet Bessette\t\t\t\t\t\t<\/h4>\n\t\t\t\t\t\t\t\t\t\t\t\t\t\t\t\t<h5 class=\"mkd-team-position\" style=\"color: #ffffff\">Lawyer in Montreal<\/h5>\n\t\t\t\t\t\t\t\t\t<\/div>\n\t\t\t\t\t\t\t\t<div class=\"mkd-team-read-more\">\n\t\t\t\t\t\t\t\t<a href=\"https:\/\/www.langlais.com\/en\/our-team-2\/mr-benoit-bessette\/\">\n\t\t\t\t\t<span class=\"mkd-team-read-more-inner\">\n\t\t\t\t\t\t<span class=\"mkd-team-read-more-text\">Complete bio<\/span>\n\t\t\t\t\t\t<span aria-hidden=\"true\" class=\"arrow_carrot-right_alt2 mkd-team-read-more-icon\"><\/span>\n\t\t\t\t\t<\/span>\n\t\t\t\t<\/a>\n\t\t\t\t\t\t\t<\/div>\n\t\t<\/div>\n\t<\/div>\n\t\t\t<div class='mkd-team-text'>\n\t\t\t<div class='mkd-team-text-inner'>\n\t\t\t\t\t\t\t\t\t<div class=\"mkd-team-description-title\">\n\t\t\t\t\t\t<h4>Bio<\/h4>\n\t\t\t\t\t<\/div>\n\t\t\t\t\t\t\t\t<div class='mkd-team-description' >\n\t\t\t\t\t<p>Mr. Bessette earned his Bachelor\u2019s degree in law from the University of Sherbrooke in 2011, and his MBA \u2013 Master\u2019s Degree in Sports Management in 2013 from the Real Madrid Graduate School \u2013 Universidad Europea (Spain).<\/p>\n\t\t\t\t<\/div>\n\t\t\t<\/div>\n\t\t<\/div>\n\t\t<div class=\"mkd-team-social-holder\">\n\t\t<div class=\"mkd-team-social\">\n\t\t\t<div class=\"mkd-team-social-inner\">\n\t\t\t\t<div class=\"mkd-team-social-wrapp clearfix\">\n\n\t\t\t\t\t\n    <span class=\"mkd-icon-shortcode square mkd-icon-small mkd-icon-linked\"  >\n                    <a href=\"https:\/\/Twitter.com\/benoitbessette\" target=\"_blank\">\n        \n        <span aria-hidden=\"true\" class=\"mkd-icon-font-elegant social_twitter mkd-icon-element\" style=\"\" ><\/span>\n                    <\/a>\n                <span  class=\"mkd-background\"><\/span>\n    <\/span>\n\n\n    <span class=\"mkd-icon-shortcode square mkd-icon-small mkd-icon-linked\"  >\n                    <a href=\"https:\/\/www.linkedin.com\/in\/benbessette\/\" target=\"_blank\">\n        \n        <span aria-hidden=\"true\" class=\"mkd-icon-font-elegant social_linkedin mkd-icon-element\" style=\"\" ><\/span>\n                    <\/a>\n                <span  class=\"mkd-background\"><\/span>\n    <\/span>\n\n\n    <span class=\"mkd-icon-shortcode square mkd-icon-small mkd-icon-linked\"  >\n                    <a href=\"https:\/\/Facebook.com\/Avocat-Lawyer-Abogado\" target=\"_blank\">\n        \n        <span aria-hidden=\"true\" class=\"mkd-icon-font-elegant social_facebook mkd-icon-element\" style=\"\" ><\/span>\n                    <\/a>\n                <span  class=\"mkd-background\"><\/span>\n    <\/span>\n\n\n\t\t\t\t<\/div>\n\t\t\t<\/div>\n\t\t<\/div>\n\t<\/div>\n\t<span class=\"mkd-team-triangle\"><\/span>\n<\/div>[vc_empty_space height=&#8221;70px&#8221;][\/vc_column][vc_column width=&#8221;1\/3&#8243;][vc_empty_space height=&#8221;70px&#8221;][\/vc_column][\/vc_row][vc_row triangle_shape=&#8221;no&#8221; css=&#8221;.vc_custom_1556896215906{padding-top: 32px !important;padding-bottom: 45px !important;}&#8221;][vc_column width=&#8221;1\/5&#8243;]\n<div class=\"mkd-team linked more-info-shown\">\n\t<div class=\"mkd-team-inner\">\n\t\t\t\t\t<div class=\"mkd-team-image\">\n                <img loading=\"lazy\" decoding=\"async\" width=\"350\" height=\"400\" src=\"https:\/\/www.langlais.com\/wp-content\/uploads\/2019\/06\/diana-rhayem.jpg\" class=\"attachment-full size-full\" alt=\"\" srcset=\"https:\/\/www.langlais.com\/wp-content\/uploads\/2019\/06\/diana-rhayem.jpg 350w, https:\/\/www.langlais.com\/wp-content\/uploads\/2019\/06\/diana-rhayem-263x300.jpg 263w\" sizes=\"auto, (max-width: 350px) 100vw, 350px\" \/>\t\t\t<\/div>\n\t\t\n\t\t\t\t<div class=\"mkd-team-info\">\n\t\t\t\t\t\t\t<div class=\"mkd-team-title-holder\">\n\t\t\t\t\t\t\t\t\t\t\t<h4 class=\"mkd-team-name\" style=\"color: #ffffff\">\n\t\t\t\t\t\t\tMrs. Diana Rhayem\t\t\t\t\t\t<\/h4>\n\t\t\t\t\t\t\t\t\t\t\t\t\t\t\t\t<h5 class=\"mkd-team-position\" style=\"color: #ffffff\">Representative in Beirut<\/h5>\n\t\t\t\t\t\t\t\t\t<\/div>\n\t\t\t\t\t\t\t\t<div class=\"mkd-team-read-more\">\n\t\t\t\t\t\t\t\t<a href=\"http:\/\/www.drlo.me\/\">\n\t\t\t\t\t<span class=\"mkd-team-read-more-inner\">\n\t\t\t\t\t\t<span class=\"mkd-team-read-more-text\">Site web<\/span>\n\t\t\t\t\t\t<span aria-hidden=\"true\" class=\"arrow_carrot-right_alt2 mkd-team-read-more-icon\"><\/span>\n\t\t\t\t\t<\/span>\n\t\t\t\t<\/a>\n\t\t\t\t\t\t\t<\/div>\n\t\t<\/div>\n\t<\/div>\n\t\t<div class=\"mkd-team-social-holder\">\n\t\t<div class=\"mkd-team-social\">\n\t\t\t<div class=\"mkd-team-social-inner\">\n\t\t\t\t<div class=\"mkd-team-social-wrapp clearfix\">\n\n\t\t\t\t\t\n\t\t\t\t<\/div>\n\t\t\t<\/div>\n\t\t<\/div>\n\t<\/div>\n\t<span class=\"mkd-team-triangle\"><\/span>\n<\/div>[vc_empty_space height=&#8221;70px&#8221;][\/vc_column][vc_column width=&#8221;1\/5&#8243;]\n<div class=\"mkd-team linked more-info-shown\">\n\t<div class=\"mkd-team-inner\">\n\t\t\t\t\t<div class=\"mkd-team-image\">\n                <img loading=\"lazy\" decoding=\"async\" width=\"350\" height=\"400\" src=\"https:\/\/www.langlais.com\/wp-content\/uploads\/2019\/06\/jean-yves-feltesse-350x400.jpg\" class=\"attachment-full size-full\" alt=\"\" srcset=\"https:\/\/www.langlais.com\/wp-content\/uploads\/2019\/06\/jean-yves-feltesse-350x400.jpg 350w, https:\/\/www.langlais.com\/wp-content\/uploads\/2019\/06\/jean-yves-feltesse-350x400-263x300.jpg 263w\" sizes=\"auto, (max-width: 350px) 100vw, 350px\" \/>\t\t\t<\/div>\n\t\t\n\t\t\t\t<div class=\"mkd-team-info\">\n\t\t\t\t\t\t\t<div class=\"mkd-team-title-holder\">\n\t\t\t\t\t\t\t\t\t\t\t<h4 class=\"mkd-team-name\" style=\"color: #ffffff\">\n\t\t\t\t\t\t\tMr. Jean-Yves Feltesse\t\t\t\t\t\t<\/h4>\n\t\t\t\t\t\t\t\t\t\t\t\t\t\t\t\t<h5 class=\"mkd-team-position\" style=\"color: #ffffff\">Representative in Paris<\/h5>\n\t\t\t\t\t\t\t\t\t<\/div>\n\t\t\t\t\t\t\t\t<div class=\"mkd-team-read-more\">\n\t\t\t\t\t\t\t\t<a href=\"https:\/\/www.fwpa-avocats.com\/\">\n\t\t\t\t\t<span class=\"mkd-team-read-more-inner\">\n\t\t\t\t\t\t<span class=\"mkd-team-read-more-text\">Website<\/span>\n\t\t\t\t\t\t<span aria-hidden=\"true\" class=\"arrow_carrot-right_alt2 mkd-team-read-more-icon\"><\/span>\n\t\t\t\t\t<\/span>\n\t\t\t\t<\/a>\n\t\t\t\t\t\t\t<\/div>\n\t\t<\/div>\n\t<\/div>\n\t\t<div class=\"mkd-team-social-holder\">\n\t\t<div class=\"mkd-team-social\">\n\t\t\t<div class=\"mkd-team-social-inner\">\n\t\t\t\t<div class=\"mkd-team-social-wrapp clearfix\">\n\n\t\t\t\t\t\n\t\t\t\t<\/div>\n\t\t\t<\/div>\n\t\t<\/div>\n\t<\/div>\n\t<span class=\"mkd-team-triangle\"><\/span>\n<\/div>[vc_empty_space height=&#8221;70px&#8221;][\/vc_column][vc_column width=&#8221;1\/5&#8243;]\n<div class=\"mkd-team more-info-shown\">\n\t<div class=\"mkd-team-inner\">\n\t\t\t\t\t<div class=\"mkd-team-image\">\n                <img loading=\"lazy\" decoding=\"async\" width=\"350\" height=\"400\" src=\"https:\/\/www.langlais.com\/wp-content\/uploads\/2023\/05\/Philippe-Belanger-350x400-1.jpg\" class=\"attachment-full size-full\" alt=\"Philippe B\u00e9langer\" srcset=\"https:\/\/www.langlais.com\/wp-content\/uploads\/2023\/05\/Philippe-Belanger-350x400-1.jpg 350w, https:\/\/www.langlais.com\/wp-content\/uploads\/2023\/05\/Philippe-Belanger-350x400-1-263x300.jpg 263w\" sizes=\"auto, (max-width: 350px) 100vw, 350px\" \/>\t\t\t<\/div>\n\t\t\n\t\t\t\t<div class=\"mkd-team-info\">\n\t\t\t\t\t\t\t<div class=\"mkd-team-title-holder\">\n\t\t\t\t\t\t\t\t\t\t\t<h4 class=\"mkd-team-name\" style=\"color: #ffffff\">\n\t\t\t\t\t\t\tMr. Philippe B\u00e9langer\t\t\t\t\t\t<\/h4>\n\t\t\t\t\t\t\t\t\t\t\t\t\t\t\t\t<h5 class=\"mkd-team-position\" style=\"color: #ffffff\">Representative in Western Africa<\/h5>\n\t\t\t\t\t\t\t\t\t<\/div>\n\t\t\t\t\t\t\t\t<div class=\"mkd-team-read-more\">\n\t\t\t\t\t\t\t<\/div>\n\t\t<\/div>\n\t<\/div>\n\t\t<div class=\"mkd-team-social-holder\">\n\t\t<div class=\"mkd-team-social\">\n\t\t\t<div class=\"mkd-team-social-inner\">\n\t\t\t\t<div class=\"mkd-team-social-wrapp clearfix\">\n\n\t\t\t\t\t\n\t\t\t\t<\/div>\n\t\t\t<\/div>\n\t\t<\/div>\n\t<\/div>\n\t<span class=\"mkd-team-triangle\"><\/span>\n<\/div>[vc_empty_space height=&#8221;70px&#8221;][\/vc_column][vc_column width=&#8221;1\/5&#8243;]\n<div class=\"mkd-team linked more-info-shown\">\n\t<div class=\"mkd-team-inner\">\n\t\t\t\t\t<div class=\"mkd-team-image\">\n                <img loading=\"lazy\" decoding=\"async\" width=\"350\" height=\"400\" src=\"https:\/\/www.langlais.com\/wp-content\/uploads\/2019\/06\/me-yuan-jie.jpg\" class=\"attachment-full size-full\" alt=\"\" srcset=\"https:\/\/www.langlais.com\/wp-content\/uploads\/2019\/06\/me-yuan-jie.jpg 350w, https:\/\/www.langlais.com\/wp-content\/uploads\/2019\/06\/me-yuan-jie-263x300.jpg 263w\" sizes=\"auto, (max-width: 350px) 100vw, 350px\" \/>\t\t\t<\/div>\n\t\t\n\t\t\t\t<div class=\"mkd-team-info\">\n\t\t\t\t\t\t\t<div class=\"mkd-team-title-holder\">\n\t\t\t\t\t\t\t\t\t\t\t<h4 class=\"mkd-team-name\" style=\"color: #ffffff\">\n\t\t\t\t\t\t\tMr. Yuan Jie\t\t\t\t\t\t<\/h4>\n\t\t\t\t\t\t\t\t\t\t\t\t\t\t\t\t<h5 class=\"mkd-team-position\" style=\"color: #ffffff\">Representative in Shanghai<\/h5>\n\t\t\t\t\t\t\t\t\t<\/div>\n\t\t\t\t\t\t\t\t<div class=\"mkd-team-read-more\">\n\t\t\t\t\t\t\t\t<a href=\"http:\/\/www.jinmao.com.cn\/\">\n\t\t\t\t\t<span class=\"mkd-team-read-more-inner\">\n\t\t\t\t\t\t<span class=\"mkd-team-read-more-text\">Website<\/span>\n\t\t\t\t\t\t<span aria-hidden=\"true\" class=\"arrow_carrot-right_alt2 mkd-team-read-more-icon\"><\/span>\n\t\t\t\t\t<\/span>\n\t\t\t\t<\/a>\n\t\t\t\t\t\t\t<\/div>\n\t\t<\/div>\n\t<\/div>\n\t\t<div class=\"mkd-team-social-holder\">\n\t\t<div class=\"mkd-team-social\">\n\t\t\t<div class=\"mkd-team-social-inner\">\n\t\t\t\t<div class=\"mkd-team-social-wrapp clearfix\">\n\n\t\t\t\t\t\n\t\t\t\t<\/div>\n\t\t\t<\/div>\n\t\t<\/div>\n\t<\/div>\n\t<span class=\"mkd-team-triangle\"><\/span>\n<\/div>[vc_empty_space height=&#8221;70px&#8221;][\/vc_column][vc_column width=&#8221;1\/5&#8243;]\n<div class=\"mkd-team linked more-info-shown\">\n\t<div class=\"mkd-team-inner\">\n\t\t\t\t\t<div class=\"mkd-team-image\">\n                <img loading=\"lazy\" decoding=\"async\" width=\"350\" height=\"400\" src=\"https:\/\/www.langlais.com\/wp-content\/uploads\/2019\/06\/Deogratias-NZemba.jpg\" class=\"attachment-full size-full\" alt=\"\" srcset=\"https:\/\/www.langlais.com\/wp-content\/uploads\/2019\/06\/Deogratias-NZemba.jpg 350w, https:\/\/www.langlais.com\/wp-content\/uploads\/2019\/06\/Deogratias-NZemba-263x300.jpg 263w\" sizes=\"auto, (max-width: 350px) 100vw, 350px\" \/>\t\t\t<\/div>\n\t\t\n\t\t\t\t<div class=\"mkd-team-info\">\n\t\t\t\t\t\t\t<div class=\"mkd-team-title-holder\">\n\t\t\t\t\t\t\t\t\t\t\t<h4 class=\"mkd-team-name\" style=\"color: #ffffff\">\n\t\t\t\t\t\t\tMr. Deogratias Nzemba\t\t\t\t\t\t<\/h4>\n\t\t\t\t\t\t\t\t\t\t\t\t\t\t\t\t<h5 class=\"mkd-team-position\" style=\"color: #ffffff\">Representative in East Africa<\/h5>\n\t\t\t\t\t\t\t\t\t<\/div>\n\t\t\t\t\t\t\t\t<div class=\"mkd-team-read-more\">\n\t\t\t\t\t\t\t\t<a href=\"https:\/\/dn-law.org\/mr-deogratias-nzemba\/\">\n\t\t\t\t\t<span class=\"mkd-team-read-more-inner\">\n\t\t\t\t\t\t<span class=\"mkd-team-read-more-text\">Website<\/span>\n\t\t\t\t\t\t<span aria-hidden=\"true\" class=\"arrow_carrot-right_alt2 mkd-team-read-more-icon\"><\/span>\n\t\t\t\t\t<\/span>\n\t\t\t\t<\/a>\n\t\t\t\t\t\t\t<\/div>\n\t\t<\/div>\n\t<\/div>\n\t\t<div class=\"mkd-team-social-holder\">\n\t\t<div class=\"mkd-team-social\">\n\t\t\t<div class=\"mkd-team-social-inner\">\n\t\t\t\t<div class=\"mkd-team-social-wrapp clearfix\">\n\n\t\t\t\t\t\n\t\t\t\t<\/div>\n\t\t\t<\/div>\n\t\t<\/div>\n\t<\/div>\n\t<span class=\"mkd-team-triangle\"><\/span>\n<\/div>[vc_empty_space height=&#8221;70px&#8221;][\/vc_column][\/vc_row]<\/p>\n<\/div>","protected":false},"excerpt":{"rendered":"<p>[vc_row triangle_shape=&#8221;no&#8221;][vc_column][vc_column_text]Founder of the firm, Mr. Langlais has practiced exclusively in immigration law and business law since 1990. He graduated with a degree in law from the University of Montreal in 1989, he was then admitted to the Quebec Bar in 1990. Meet our team of lawyers below.[\/vc_column_text][\/vc_column][\/vc_row][vc_row triangle_shape=&#8221;no&#8221; css=&#8221;.vc_custom_1556896199924{padding-top: 45px !important;padding-bottom: 16px !important;}&#8221;][vc_column width=&#8221;1\/3&#8243;][\/vc_column][vc_column width=&#8221;1\/3&#8243;][vc_empty_space height=&#8221;48px&#8221;][\/vc_column][vc_column width=&#8221;1\/3&#8243;][\/vc_column][\/vc_row][vc_row triangle_shape=&#8221;no&#8221; css=&#8221;.vc_custom_1556896199924{padding-top: 45px !important;padding-bottom: 16px !important;}&#8221;][vc_column width=&#8221;1\/3&#8243;][vc_empty_space height=&#8221;70px&#8221;][\/vc_column][vc_column width=&#8221;1\/3&#8243;][vc_empty_space height=&#8221;70px&#8221;][\/vc_column][vc_column width=&#8221;1\/3&#8243;][vc_empty_space height=&#8221;70px&#8221;][\/vc_column][\/vc_row][vc_row triangle_shape=&#8221;no&#8221; css=&#8221;.vc_custom_1556896215906{padding-top: 32px !important;padding-bottom: 45px !important;}&#8221;][vc_column width=&#8221;1\/5&#8243;][vc_empty_space height=&#8221;70px&#8221;][\/vc_column][vc_column width=&#8221;1\/5&#8243;][vc_empty_space height=&#8221;70px&#8221;][\/vc_column][vc_column width=&#8221;1\/5&#8243;][vc_empty_space height=&#8221;70px&#8221;][\/vc_column][vc_column width=&#8221;1\/5&#8243;][vc_empty_space height=&#8221;70px&#8221;][\/vc_column][vc_column width=&#8221;1\/5&#8243;][vc_empty_space height=&#8221;70px&#8221;][\/vc_column][\/vc_row]<\/p>\n","protected":false},"author":10,"featured_media":0,"parent":0,"menu_order":0,"comment_status":"closed","ping_status":"closed","template":"","meta":{"footnotes":""},"class_list":["post-2701","page","type-page","status-publish","hentry"],"yoast_head":"<!-- This site is optimized with the Yoast SEO plugin v27.4 - https:\/\/yoast.com\/product\/yoast-seo-wordpress\/ -->\n<title>Our Team - Cabinet d&#039;avocats M\u1d49 Hugues Langlais<\/title>\n<meta name=\"description\" content=\"Meet our team of lawyers and paralegals at the Law offices of Me Hugues Langlais, Immigration Lawyers. Discover their bio and associations.\" \/>\n<meta name=\"robots\" content=\"index, follow, max-snippet:-1, max-image-preview:large, max-video-preview:-1\" \/>\n<link rel=\"canonical\" href=\"https:\/\/www.langlais.com\/en\/our-team-2\/\" \/>\n<meta property=\"og:locale\" content=\"en_US\" \/>\n<meta property=\"og:type\" content=\"article\" \/>\n<meta property=\"og:title\" content=\"Our Team - Cabinet d&#039;avocats M\u1d49 Hugues Langlais\" \/>\n<meta property=\"og:description\" content=\"Meet our team of lawyers and paralegals at the Law offices of Me Hugues Langlais, Immigration Lawyers. Discover their bio and associations.\" \/>\n<meta property=\"og:url\" content=\"https:\/\/www.langlais.com\/en\/our-team-2\/\" \/>\n<meta property=\"og:site_name\" content=\"Cabinet d&#039;avocats M\u1d49 Hugues Langlais\" \/>\n<meta property=\"article:publisher\" content=\"https:\/\/www.facebook.com\/langlaisimmigration\/\" \/>\n<meta property=\"article:modified_time\" content=\"2024-05-09T19:09:09+00:00\" \/>\n<meta name=\"twitter:card\" content=\"summary_large_image\" \/>\n<meta name=\"twitter:site\" content=\"@LanglaisLawFirm\" \/>\n<meta name=\"twitter:label1\" content=\"Est. reading time\" \/>\n\t<meta name=\"twitter:data1\" content=\"2 minutes\" \/>\n<script type=\"application\/ld+json\" class=\"yoast-schema-graph\">{\"@context\":\"https:\\\/\\\/schema.org\",\"@graph\":[{\"@type\":\"WebPage\",\"@id\":\"https:\\\/\\\/www.langlais.com\\\/en\\\/our-team-2\\\/\",\"url\":\"https:\\\/\\\/www.langlais.com\\\/en\\\/our-team-2\\\/\",\"name\":\"Our Team - Cabinet d&#039;avocats M\u1d49 Hugues Langlais\",\"isPartOf\":{\"@id\":\"https:\\\/\\\/www.langlais.com\\\/en\\\/#website\"},\"datePublished\":\"2019-05-03T14:19:02+00:00\",\"dateModified\":\"2024-05-09T19:09:09+00:00\",\"description\":\"Meet our team of lawyers and paralegals at the Law offices of Me Hugues Langlais, Immigration Lawyers. Discover their bio and associations.\",\"breadcrumb\":{\"@id\":\"https:\\\/\\\/www.langlais.com\\\/en\\\/our-team-2\\\/#breadcrumb\"},\"inLanguage\":\"en-US\",\"potentialAction\":[{\"@type\":\"ReadAction\",\"target\":[\"https:\\\/\\\/www.langlais.com\\\/en\\\/our-team-2\\\/\"]}]},{\"@type\":\"BreadcrumbList\",\"@id\":\"https:\\\/\\\/www.langlais.com\\\/en\\\/our-team-2\\\/#breadcrumb\",\"itemListElement\":[{\"@type\":\"ListItem\",\"position\":1,\"name\":\"Accueil\",\"item\":\"https:\\\/\\\/www.langlais.com\\\/en\\\/\"},{\"@type\":\"ListItem\",\"position\":2,\"name\":\"Our Team\"}]},{\"@type\":\"WebSite\",\"@id\":\"https:\\\/\\\/www.langlais.com\\\/en\\\/#website\",\"url\":\"https:\\\/\\\/www.langlais.com\\\/en\\\/\",\"name\":\"Cabinet M\u1d49 Hugues Langlais Avocats en Immigration\",\"description\":\"\",\"publisher\":{\"@id\":\"https:\\\/\\\/www.langlais.com\\\/en\\\/#organization\"},\"potentialAction\":[{\"@type\":\"SearchAction\",\"target\":{\"@type\":\"EntryPoint\",\"urlTemplate\":\"https:\\\/\\\/www.langlais.com\\\/en\\\/?s={search_term_string}\"},\"query-input\":{\"@type\":\"PropertyValueSpecification\",\"valueRequired\":true,\"valueName\":\"search_term_string\"}}],\"inLanguage\":\"en-US\"},{\"@type\":\"Organization\",\"@id\":\"https:\\\/\\\/www.langlais.com\\\/en\\\/#organization\",\"name\":\"Cabinet M\u1d49 Hugues Langlais Avocats en Immigration\",\"url\":\"https:\\\/\\\/www.langlais.com\\\/en\\\/\",\"logo\":{\"@type\":\"ImageObject\",\"inLanguage\":\"en-US\",\"@id\":\"https:\\\/\\\/www.langlais.com\\\/en\\\/#\\\/schema\\\/logo\\\/image\\\/\",\"url\":\"https:\\\/\\\/www.langlais.com\\\/wp-content\\\/uploads\\\/2019\\\/05\\\/Cabinet-Me-Hugues-Langlais-logo-sq.jpg\",\"contentUrl\":\"https:\\\/\\\/www.langlais.com\\\/wp-content\\\/uploads\\\/2019\\\/05\\\/Cabinet-Me-Hugues-Langlais-logo-sq.jpg\",\"width\":578,\"height\":578,\"caption\":\"Cabinet M\u1d49 Hugues Langlais Avocats en Immigration\"},\"image\":{\"@id\":\"https:\\\/\\\/www.langlais.com\\\/en\\\/#\\\/schema\\\/logo\\\/image\\\/\"},\"sameAs\":[\"https:\\\/\\\/www.facebook.com\\\/langlaisimmigration\\\/\",\"https:\\\/\\\/x.com\\\/LanglaisLawFirm\",\"https:\\\/\\\/www.linkedin.com\\\/in\\\/hugueslanglais4immigrationlaw\\\/\",\"https:\\\/\\\/www.youtube.com\\\/channel\\\/UCBKNZKz80QxrR4P253Hmykw\"]}]}<\/script>\n<!-- \/ Yoast SEO plugin. -->","yoast_head_json":{"title":"Our Team - Cabinet d&#039;avocats M\u1d49 Hugues Langlais","description":"Meet our team of lawyers and paralegals at the Law offices of Me Hugues Langlais, Immigration Lawyers. Discover their bio and associations.","robots":{"index":"index","follow":"follow","max-snippet":"max-snippet:-1","max-image-preview":"max-image-preview:large","max-video-preview":"max-video-preview:-1"},"canonical":"https:\/\/www.langlais.com\/en\/our-team-2\/","og_locale":"en_US","og_type":"article","og_title":"Our Team - Cabinet d&#039;avocats M\u1d49 Hugues Langlais","og_description":"Meet our team of lawyers and paralegals at the Law offices of Me Hugues Langlais, Immigration Lawyers. Discover their bio and associations.","og_url":"https:\/\/www.langlais.com\/en\/our-team-2\/","og_site_name":"Cabinet d&#039;avocats M\u1d49 Hugues Langlais","article_publisher":"https:\/\/www.facebook.com\/langlaisimmigration\/","article_modified_time":"2024-05-09T19:09:09+00:00","twitter_card":"summary_large_image","twitter_site":"@LanglaisLawFirm","twitter_misc":{"Est. reading time":"2 minutes"},"schema":{"@context":"https:\/\/schema.org","@graph":[{"@type":"WebPage","@id":"https:\/\/www.langlais.com\/en\/our-team-2\/","url":"https:\/\/www.langlais.com\/en\/our-team-2\/","name":"Our Team - Cabinet d&#039;avocats M\u1d49 Hugues Langlais","isPartOf":{"@id":"https:\/\/www.langlais.com\/en\/#website"},"datePublished":"2019-05-03T14:19:02+00:00","dateModified":"2024-05-09T19:09:09+00:00","description":"Meet our team of lawyers and paralegals at the Law offices of Me Hugues Langlais, Immigration Lawyers. Discover their bio and associations.","breadcrumb":{"@id":"https:\/\/www.langlais.com\/en\/our-team-2\/#breadcrumb"},"inLanguage":"en-US","potentialAction":[{"@type":"ReadAction","target":["https:\/\/www.langlais.com\/en\/our-team-2\/"]}]},{"@type":"BreadcrumbList","@id":"https:\/\/www.langlais.com\/en\/our-team-2\/#breadcrumb","itemListElement":[{"@type":"ListItem","position":1,"name":"Accueil","item":"https:\/\/www.langlais.com\/en\/"},{"@type":"ListItem","position":2,"name":"Our Team"}]},{"@type":"WebSite","@id":"https:\/\/www.langlais.com\/en\/#website","url":"https:\/\/www.langlais.com\/en\/","name":"Cabinet M\u1d49 Hugues Langlais Avocats en Immigration","description":"","publisher":{"@id":"https:\/\/www.langlais.com\/en\/#organization"},"potentialAction":[{"@type":"SearchAction","target":{"@type":"EntryPoint","urlTemplate":"https:\/\/www.langlais.com\/en\/?s={search_term_string}"},"query-input":{"@type":"PropertyValueSpecification","valueRequired":true,"valueName":"search_term_string"}}],"inLanguage":"en-US"},{"@type":"Organization","@id":"https:\/\/www.langlais.com\/en\/#organization","name":"Cabinet M\u1d49 Hugues Langlais Avocats en Immigration","url":"https:\/\/www.langlais.com\/en\/","logo":{"@type":"ImageObject","inLanguage":"en-US","@id":"https:\/\/www.langlais.com\/en\/#\/schema\/logo\/image\/","url":"https:\/\/www.langlais.com\/wp-content\/uploads\/2019\/05\/Cabinet-Me-Hugues-Langlais-logo-sq.jpg","contentUrl":"https:\/\/www.langlais.com\/wp-content\/uploads\/2019\/05\/Cabinet-Me-Hugues-Langlais-logo-sq.jpg","width":578,"height":578,"caption":"Cabinet M\u1d49 Hugues Langlais Avocats en Immigration"},"image":{"@id":"https:\/\/www.langlais.com\/en\/#\/schema\/logo\/image\/"},"sameAs":["https:\/\/www.facebook.com\/langlaisimmigration\/","https:\/\/x.com\/LanglaisLawFirm","https:\/\/www.linkedin.com\/in\/hugueslanglais4immigrationlaw\/","https:\/\/www.youtube.com\/channel\/UCBKNZKz80QxrR4P253Hmykw"]}]}},"_links":{"self":[{"href":"https:\/\/www.langlais.com\/en\/wp-json\/wp\/v2\/pages\/2701","targetHints":{"allow":["GET"]}}],"collection":[{"href":"https:\/\/www.langlais.com\/en\/wp-json\/wp\/v2\/pages"}],"about":[{"href":"https:\/\/www.langlais.com\/en\/wp-json\/wp\/v2\/types\/page"}],"author":[{"embeddable":true,"href":"https:\/\/www.langlais.com\/en\/wp-json\/wp\/v2\/users\/10"}],"replies":[{"embeddable":true,"href":"https:\/\/www.langlais.com\/en\/wp-json\/wp\/v2\/comments?post=2701"}],"version-history":[{"count":5,"href":"https:\/\/www.langlais.com\/en\/wp-json\/wp\/v2\/pages\/2701\/revisions"}],"predecessor-version":[{"id":6329,"href":"https:\/\/www.langlais.com\/en\/wp-json\/wp\/v2\/pages\/2701\/revisions\/6329"}],"wp:attachment":[{"href":"https:\/\/www.langlais.com\/en\/wp-json\/wp\/v2\/media?parent=2701"}],"curies":[{"name":"wp","href":"https:\/\/api.w.org\/{rel}","templated":true}]}}